{"id":20,"date":"2026-03-03T21:25:56","date_gmt":"2026-03-03T20:25:56","guid":{"rendered":"https:\/\/slavicfilmfestival.com\/?page_id=20"},"modified":"2026-05-29T20:03:50","modified_gmt":"2026-05-29T18:03:50","slug":"about-us","status":"publish","type":"page","link":"https:\/\/slavicfilmfestival.com\/pl\/about-us\/","title":{"rendered":"o nas"},"content":{"rendered":"<div style=\"height:100px\" aria-hidden=\"true\" class=\"wp-block-spacer\"><\/div>\n\n\n\n<p class=\"wp-block-paragraph\"><strong>Studencki Festiwal Film\u00f3w S\u0142owia\u0144skich<\/strong> w Warszawie to organizowane przez <strong>Fundacj\u0119 Horyzont Sztuki wraz z Ko\u0142em Naukowym Slawist\u00f3w Uniwersytetu Warszawskiego<\/strong>trzydniowe wydarzenie prezentuj\u0105ce kinematografie kraj\u00f3w s\u0142owia\u0144skich zachodnich i po\u0142udniowych. Ranne prelekcje na Uniwersytecie Warszawskim poprowadz\u0105 wyk\u0142adowcy specjalizuj\u0105cy si\u0119 w kulturze regionu, a wieczorne projekcje studenckich film\u00f3w kr\u00f3tkometra\u017cowych odb\u0119d\u0105 si\u0119 w <strong>Kinie Wis\u0142a<\/strong> w Warszawie. Ide\u0105 wydarzenia jest budowanie relacji i wspieranie wymiany kulturowej mi\u0119dzy krajami s\u0142owia\u0144skimi, oraz stworzenie przestrzeni do studenckiej wymiany idei i poznawania r\u00f3\u017cnorodno\u015bci tradycji filmowych. Patronem medialnym wydarzenia jest <strong>Radio Nowy \u015awiat<\/strong>.<\/p>\n\n\n\n<p class=\"wp-block-paragraph\">W tej pionierskiej edycji zaprosimy tw\u00f3rc\u00f3w z <strong>Czech, S\u0142owacji, Bu\u0142garii, Chorwacji, S\u0142owenii, Serbii <\/strong>i<strong> Polski.<\/strong>Studenci b\u0119d\u0105 mogli zg\u0142osi\u0107 si\u0119 na festiwal poprzez platform\u0119<strong> FilmFreeway.<\/strong> Komisja selekcyjna dokona wyboru film\u00f3w, a tw\u00f3rcy zakwalifikowanych produkcji zostan\u0105 zaproszeni osobi\u015bcie na festiwal. Po projekcjach odb\u0119d\u0105 si\u0119 kr\u00f3tkie sesje Q&amp;A z ich udzia\u0142em.<\/p>\n\n\n\n<p class=\"wp-block-paragraph\">G\u0142\u00f3wn\u0105 grup\u0119 odbiorc\u00f3w Studenckiego Festiwalu Film\u00f3w S\u0142owia\u0144skich stanowi\u0105 osoby doros\u0142e zainteresowane <strong>kinem, kultur\u0105 i wsp\u00f3\u0142czesnymi zjawiskami artystycznymi kraj\u00f3w s\u0142owia\u0144skich.<\/strong>Liczn\u0105 cz\u0119\u015b\u0107 odbiorc\u00f3w b\u0119d\u0105 tworzy\u0107 studenci Uniwersytetu Warszawskiego (wsp\u00f3\u0142organizatora festiwalu), w szczeg\u00f3lno\u015bci kierunk\u00f3w humanistycznych i spo\u0142ecznych: <strong>slawistyki<\/strong>, <strong>kulturoznawstwa<\/strong>i <strong>stosunk\u00f3w mi\u0119dzynarodowych<\/strong>.<\/p>\n\n\n\n<p class=\"wp-block-paragraph\">Istotn\u0105 cz\u0119\u015b\u0107 odbiorc\u00f3w stanowi\u0107 b\u0119d\u0105 r\u00f3wnie\u017c <strong>mieszka\u0144cy Warszawy<\/strong>w tym osoby aktywnie uczestnicz\u0105ce w \u017cyciu kulturalnym miasta, zainteresowane odkrywaniem nieznanych w Polsce kinematografii i poszukuj\u0105ce wydarze\u0144 filmowych o profilu edukacyjnym i mi\u0119dzynarodowym. Jako \u017ce festiwal jest mi\u0119dzynarodowy, liczymy na to, \u017ce przyci\u0105gniemy r\u00f3wnie\u017c diaspor\u0119 z kraj\u00f3w s\u0142owia\u0144skich w Polsce.<\/p>\n\n\n\n<p class=\"wp-block-paragraph\">Dzi\u0119ki zr\u00f3\u017cnicowaniu programu (prelekcje poranne, projekcje wieczorne, spotkania ze studentami szk\u00f3\u0142 filmowych) festiwal zak\u0142ada dotarcie zar\u00f3wno do odbiorc\u00f3w o profilu <strong>akademickim<\/strong> i <strong>eksperckim<\/strong> jak i do szerokiej publiczno\u015bci zainteresowanej rozwojem kompetencji kulturowych oraz poznawaniem kina <strong>niszowego<\/strong> i <strong>artystycznego<\/strong>.<\/p>\n\n\n\n<p class=\"wp-block-paragraph\">Celem projektu jest organizacja pierwszej edycji festiwalu filmowego, na kt\u00f3rym prezentowane b\u0119d\u0105&nbsp;<strong>kr\u00f3tkie metra\u017ce<\/strong>&nbsp;stworzone przez&nbsp;<strong>student\u00f3w szk\u00f3\u0142 filmowych<\/strong>&nbsp;z kraj\u00f3w s\u0142owia\u0144skich, w tej edycji Polska, Czechy, S\u0142owacja, Bu\u0142garia, S\u0142owenia, Chorwacja i Serbia; a w przysz\u0142o\u015bci r\u00f3wnie\u017c z innych kraj\u00f3w s\u0142owia\u0144skich, wraz z prelekcjami kszta\u0142c\u0105cymi odbiorc\u00f3w festiwalu na temat kultur narod\u00f3w bior\u0105cych udzia\u0142 w festiwalu.<\/p>\n\n\n\n<p class=\"wp-block-paragraph\">Wydarzenie odbywa\u0107 si\u0119 b\u0119dzie w dniach&nbsp;<strong>5-7 czerwca 2026 roku<\/strong>.<\/p>\n\n\n\n<div style=\"height:80px\" aria-hidden=\"true\" class=\"wp-block-spacer\"><\/div>\n\n\n\n<ul class=\"wp-block-social-links aligncenter is-layout-flex wp-block-social-links-is-layout-flex\"><li class=\"wp-social-link wp-social-link-facebook wp-block-social-link\"><a href=\"https:\/\/www.facebook.com\/profile.php?id=61579544920730\" class=\"wp-block-social-link-anchor\"><svg width=\"24\" height=\"24\" viewbox=\"0 0 24 24\" version=\"1.1\" xmlns=\"http:\/\/www.w3.org\/2000\/svg\" aria-hidden=\"true\" focusable=\"false\"><path d=\"M12 2C6.5 2 2 6.5 2 12c0 5 3.7 9.1 8.4 9.9v-7H7.9V12h2.5V9.8c0-2.5 1.5-3.9 3.8-3.9 1.1 0 2.2.2 2.2.2v2.5h-1.3c-1.2 0-1.6.8-1.6 1.6V12h2.8l-.4 2.9h-2.3v7C18.3 21.1 22 17 22 12c0-5.5-4.5-10-10-10z\"><\/path><\/svg><span class=\"wp-block-social-link-label screen-reader-text\">Facebook<\/span><\/a><\/li>\n\n<li class=\"wp-social-link wp-social-link-instagram wp-block-social-link\"><a href=\"https:\/\/www.instagram.com\/sffs_warsaw?igsh=MWs3Z2lvZzliOG15Ng==\" class=\"wp-block-social-link-anchor\"><svg width=\"24\" height=\"24\" viewbox=\"0 0 24 24\" version=\"1.1\" xmlns=\"http:\/\/www.w3.org\/2000\/svg\" aria-hidden=\"true\" focusable=\"false\"><path d=\"M12,4.622c2.403,0,2.688,0.009,3.637,0.052c0.877,0.04,1.354,0.187,1.671,0.31c0.42,0.163,0.72,0.358,1.035,0.673 c0.315,0.315,0.51,0.615,0.673,1.035c0.123,0.317,0.27,0.794,0.31,1.671c0.043,0.949,0.052,1.234,0.052,3.637 s-0.009,2.688-0.052,3.637c-0.04,0.877-0.187,1.354-0.31,1.671c-0.163,0.42-0.358,0.72-0.673,1.035 c-0.315,0.315-0.615,0.51-1.035,0.673c-0.317,0.123-0.794,0.27-1.671,0.31c-0.949,0.043-1.233,0.052-3.637,0.052 s-2.688-0.009-3.637-0.052c-0.877-0.04-1.354-0.187-1.671-0.31c-0.42-0.163-0.72-0.358-1.035-0.673 c-0.315-0.315-0.51-0.615-0.673-1.035c-0.123-0.317-0.27-0.794-0.31-1.671C4.631,14.688,4.622,14.403,4.622,12 s0.009-2.688,0.052-3.637c0.04-0.877,0.187-1.354,0.31-1.671c0.163-0.42,0.358-0.72,0.673-1.035 c0.315-0.315,0.615-0.51,1.035-0.673c0.317-0.123,0.794-0.27,1.671-0.31C9.312,4.631,9.597,4.622,12,4.622 M12,3 C9.556,3,9.249,3.01,8.289,3.054C7.331,3.098,6.677,3.25,6.105,3.472C5.513,3.702,5.011,4.01,4.511,4.511 c-0.5,0.5-0.808,1.002-1.038,1.594C3.25,6.677,3.098,7.331,3.054,8.289C3.01,9.249,3,9.556,3,12c0,2.444,0.01,2.751,0.054,3.711 c0.044,0.958,0.196,1.612,0.418,2.185c0.23,0.592,0.538,1.094,1.038,1.594c0.5,0.5,1.002,0.808,1.594,1.038 c0.572,0.222,1.227,0.375,2.185,0.418C9.249,20.99,9.556,21,12,21s2.751-0.01,3.711-0.054c0.958-0.044,1.612-0.196,2.185-0.418 c0.592-0.23,1.094-0.538,1.594-1.038c0.5-0.5,0.808-1.002,1.038-1.594c0.222-0.572,0.375-1.227,0.418-2.185 C20.99,14.751,21,14.444,21,12s-0.01-2.751-0.054-3.711c-0.044-0.958-0.196-1.612-0.418-2.185c-0.23-0.592-0.538-1.094-1.038-1.594 c-0.5-0.5-1.002-0.808-1.594-1.038c-0.572-0.222-1.227-0.375-2.185-0.418C14.751,3.01,14.444,3,12,3L12,3z M12,7.378 c-2.552,0-4.622,2.069-4.622,4.622S9.448,16.622,12,16.622s4.622-2.069,4.622-4.622S14.552,7.378,12,7.378z M12,15 c-1.657,0-3-1.343-3-3s1.343-3,3-3s3,1.343,3,3S13.657,15,12,15z M16.804,6.116c-0.596,0-1.08,0.484-1.08,1.08 s0.484,1.08,1.08,1.08c0.596,0,1.08-0.484,1.08-1.08S17.401,6.116,16.804,6.116z\"><\/path><\/svg><span class=\"wp-block-social-link-label screen-reader-text\">Instagram<\/span><\/a><\/li>\n\n<li class=\"wp-social-link wp-social-link-tiktok wp-block-social-link\"><a href=\"https:\/\/www.tiktok.com\/@sffs_warsaw?_r=1&#038;_t=ZN-94p8JSUcQi3\" class=\"wp-block-social-link-anchor\"><svg width=\"24\" height=\"24\" viewbox=\"0 0 32 32\" version=\"1.1\" xmlns=\"http:\/\/www.w3.org\/2000\/svg\" aria-hidden=\"true\" focusable=\"false\"><path d=\"M16.708 0.027c1.745-0.027 3.48-0.011 5.213-0.027 0.105 2.041 0.839 4.12 2.333 5.563 1.491 1.479 3.6 2.156 5.652 2.385v5.369c-1.923-0.063-3.855-0.463-5.6-1.291-0.76-0.344-1.468-0.787-2.161-1.24-0.009 3.896 0.016 7.787-0.025 11.667-0.104 1.864-0.719 3.719-1.803 5.255-1.744 2.557-4.771 4.224-7.88 4.276-1.907 0.109-3.812-0.411-5.437-1.369-2.693-1.588-4.588-4.495-4.864-7.615-0.032-0.667-0.043-1.333-0.016-1.984 0.24-2.537 1.495-4.964 3.443-6.615 2.208-1.923 5.301-2.839 8.197-2.297 0.027 1.975-0.052 3.948-0.052 5.923-1.323-0.428-2.869-0.308-4.025 0.495-0.844 0.547-1.485 1.385-1.819 2.333-0.276 0.676-0.197 1.427-0.181 2.145 0.317 2.188 2.421 4.027 4.667 3.828 1.489-0.016 2.916-0.88 3.692-2.145 0.251-0.443 0.532-0.896 0.547-1.417 0.131-2.385 0.079-4.76 0.095-7.145 0.011-5.375-0.016-10.735 0.025-16.093z\" \/><\/svg><span class=\"wp-block-social-link-label screen-reader-text\">TikTok<\/span><\/a><\/li>\n\n<li class=\"wp-social-link wp-social-link-mail wp-block-social-link\"><a href=\"mailto:&#098;iur&#111;.sf&#102;s&#064;g&#109;a&#105;l.co&#109;\" class=\"wp-block-social-link-anchor\"><svg width=\"24\" height=\"24\" viewbox=\"0 0 24 24\" version=\"1.1\" xmlns=\"http:\/\/www.w3.org\/2000\/svg\" aria-hidden=\"true\" focusable=\"false\"><path d=\"M19,5H5c-1.1,0-2,.9-2,2v10c0,1.1.9,2,2,2h14c1.1,0,2-.9,2-2V7c0-1.1-.9-2-2-2zm.5,12c0,.3-.2.5-.5.5H5c-.3,0-.5-.2-.5-.5V9.8l7.5,5.6,7.5-5.6V17zm0-9.1L12,13.6,4.5,7.9V7c0-.3.2-.5.5-.5h14c.3,0,.5.2.5.5v.9z\"><\/path><\/svg><span class=\"wp-block-social-link-label screen-reader-text\">Mail<\/span><\/a><\/li><\/ul>\n\n\n\n<div style=\"height:140px\" aria-hidden=\"true\" class=\"wp-block-spacer\"><\/div>","protected":false},"excerpt":{"rendered":"<p>Student Film Festival of Slavic Countries in Warsaw is a three-day event organized in cooperation with the University of Warsaw, showcasing the cinematography of Western and Southern Slavic countries. Morning lectures held at the University of Warsaw will be led by academics specializing in the culture of the region, while evening screenings of student short [&hellip;]<\/p>\n","protected":false},"author":230233665,"featured_media":0,"parent":0,"menu_order":0,"comment_status":"closed","ping_status":"closed","template":"","meta":{"advanced_seo_description":"","jetpack_seo_html_title":"","jetpack_seo_noindex":false,"jetpack_seo_schema_type":"","_wpcom_ai_launchpad_about_page":false,"_wpcom_ai_launchpad_gallery_page":false,"_wpcom_ai_launchpad_contact_page":false,"_wpcom_ai_launchpad_events_page":false,"_wpcom_ai_launchpad_video_page":false,"_wpcom_ai_launchpad_portfolio_piece":false,"footnotes":""},"class_list":["post-20","page","type-page","status-publish","hentry"],"jetpack_likes_enabled":true,"jetpack_sharing_enabled":true,"jetpack_shortlink":"https:\/\/wp.me\/Ph7UQI-k","jetpack-related-posts":[{"id":569,"url":"https:\/\/slavicfilmfestival.com\/pl\/tarik\/","url_meta":{"origin":20,"position":0},"title":"Tarik","author":"Ko\u0142o Naukowe Slawist\u00f3w UW","date":"29 maja, 2026","format":false,"excerpt":"After being expelled from school in Lazarevac, Tarik was forced to leave his single mother Maria and move to Novi Pazar with his father Safet and his family. We follow young Tarik and his struggle with the new, for him confusing circumstances in which he suddenly found himself, as well\u2026","rel":"","context":"Podobny wpis","block_context":{"text":"Podobny wpis","link":""},"img":{"alt_text":"","src":"https:\/\/i0.wp.com\/slavicfilmfestival.com\/wp-content\/uploads\/2026\/05\/powrot.png?resize=350%2C200&ssl=1","width":350,"height":200,"srcset":"https:\/\/i0.wp.com\/slavicfilmfestival.com\/wp-content\/uploads\/2026\/05\/powrot.png?resize=350%2C200&ssl=1 1x, https:\/\/i0.wp.com\/slavicfilmfestival.com\/wp-content\/uploads\/2026\/05\/powrot.png?resize=525%2C300&ssl=1 1.5x, https:\/\/i0.wp.com\/slavicfilmfestival.com\/wp-content\/uploads\/2026\/05\/powrot.png?resize=700%2C400&ssl=1 2x, https:\/\/i0.wp.com\/slavicfilmfestival.com\/wp-content\/uploads\/2026\/05\/powrot.png?resize=1050%2C600&ssl=1 3x, https:\/\/i0.wp.com\/slavicfilmfestival.com\/wp-content\/uploads\/2026\/05\/powrot.png?resize=1400%2C800&ssl=1 4x"},"classes":[]},{"id":685,"url":"https:\/\/slavicfilmfestival.com\/pl\/exam\/","url_meta":{"origin":20,"position":1},"title":"Exam","author":"Ko\u0142o Naukowe Slawist\u00f3w UW","date":"29 maja, 2026","format":false,"excerpt":"An absurd morning becomes a test for the young couple Nadja and Milos. Will they pass it? Ljudmila Korobova is a fourth-year student at the Faculty of Dramatic Arts in Belgrade, enrolled in film and TV directing.Born 14.04.2001 in Novorossiysk, Russia, but living in Belgrade, Serbia, since 2007, with a\u2026","rel":"","context":"Podobny wpis","block_context":{"text":"Podobny wpis","link":""},"img":{"alt_text":"","src":"https:\/\/i0.wp.com\/slavicfilmfestival.com\/wp-content\/uploads\/2026\/05\/Ispit-film-poster-SR-1.png?resize=350%2C200","width":350,"height":200,"srcset":"https:\/\/i0.wp.com\/slavicfilmfestival.com\/wp-content\/uploads\/2026\/05\/Ispit-film-poster-SR-1.png?resize=350%2C200 1x, https:\/\/i0.wp.com\/slavicfilmfestival.com\/wp-content\/uploads\/2026\/05\/Ispit-film-poster-SR-1.png?resize=525%2C300 1.5x, https:\/\/i0.wp.com\/slavicfilmfestival.com\/wp-content\/uploads\/2026\/05\/Ispit-film-poster-SR-1.png?resize=700%2C400 2x, https:\/\/i0.wp.com\/slavicfilmfestival.com\/wp-content\/uploads\/2026\/05\/Ispit-film-poster-SR-1.png?resize=1050%2C600 3x, https:\/\/i0.wp.com\/slavicfilmfestival.com\/wp-content\/uploads\/2026\/05\/Ispit-film-poster-SR-1.png?resize=1400%2C800 4x"},"classes":[]},{"id":664,"url":"https:\/\/slavicfilmfestival.com\/pl\/dream-up-the-title\/","url_meta":{"origin":20,"position":2},"title":"Dream up the title","author":"Ko\u0142o Naukowe Slawist\u00f3w UW","date":"29 maja, 2026","format":false,"excerpt":"The dried-up city of \u0141\u00f3d\u017a is left without its rivers, and Ma\u0142gorzata sets out on a journey to find them. During the trip, she falls asleep after being misled in a dream about the departure time. She finds the rivers, but not her sleep. Klaudia Fortuniak - a native of\u2026","rel":"","context":"Podobny wpis","block_context":{"text":"Podobny wpis","link":""},"img":{"alt_text":"","src":"https:\/\/i0.wp.com\/slavicfilmfestival.com\/wp-content\/uploads\/2026\/05\/powrot.png?resize=350%2C200&ssl=1","width":350,"height":200,"srcset":"https:\/\/i0.wp.com\/slavicfilmfestival.com\/wp-content\/uploads\/2026\/05\/powrot.png?resize=350%2C200&ssl=1 1x, https:\/\/i0.wp.com\/slavicfilmfestival.com\/wp-content\/uploads\/2026\/05\/powrot.png?resize=525%2C300&ssl=1 1.5x, https:\/\/i0.wp.com\/slavicfilmfestival.com\/wp-content\/uploads\/2026\/05\/powrot.png?resize=700%2C400&ssl=1 2x, https:\/\/i0.wp.com\/slavicfilmfestival.com\/wp-content\/uploads\/2026\/05\/powrot.png?resize=1050%2C600&ssl=1 3x, https:\/\/i0.wp.com\/slavicfilmfestival.com\/wp-content\/uploads\/2026\/05\/powrot.png?resize=1400%2C800&ssl=1 4x"},"classes":[]},{"id":613,"url":"https:\/\/slavicfilmfestival.com\/pl\/the-revolt-of-the-suit\/","url_meta":{"origin":20,"position":3},"title":"the revolt of the suit","author":"Ko\u0142o Naukowe Slawist\u00f3w UW","date":"29 maja, 2026","format":false,"excerpt":"Deyan is in love with his fellow accountant Stella. Their boss is scolding both of them because of a messed up invoice. During the tirade, Deyan finds that unbuttoning his shirt gives him the superpower of bravery. This leads to love profits and professional losses. Kristina Hristova is a Bulgarian\u2026","rel":"","context":"Podobny wpis","block_context":{"text":"Podobny wpis","link":""},"img":{"alt_text":"","src":"https:\/\/i0.wp.com\/slavicfilmfestival.com\/wp-content\/uploads\/2026\/05\/The_Suit_Still_3.jpg?resize=350%2C200&ssl=1","width":350,"height":200,"srcset":"https:\/\/i0.wp.com\/slavicfilmfestival.com\/wp-content\/uploads\/2026\/05\/The_Suit_Still_3.jpg?resize=350%2C200&ssl=1 1x, https:\/\/i0.wp.com\/slavicfilmfestival.com\/wp-content\/uploads\/2026\/05\/The_Suit_Still_3.jpg?resize=525%2C300&ssl=1 1.5x, https:\/\/i0.wp.com\/slavicfilmfestival.com\/wp-content\/uploads\/2026\/05\/The_Suit_Still_3.jpg?resize=700%2C400&ssl=1 2x, https:\/\/i0.wp.com\/slavicfilmfestival.com\/wp-content\/uploads\/2026\/05\/The_Suit_Still_3.jpg?resize=1050%2C600&ssl=1 3x, https:\/\/i0.wp.com\/slavicfilmfestival.com\/wp-content\/uploads\/2026\/05\/The_Suit_Still_3.jpg?resize=1400%2C800&ssl=1 4x"},"classes":[]},{"id":620,"url":"https:\/\/slavicfilmfestival.com\/pl\/waiting-for-the-train\/","url_meta":{"origin":20,"position":4},"title":"Waiting for the train","author":"Ko\u0142o Naukowe Slawist\u00f3w UW","date":"29 maja, 2026","format":false,"excerpt":"At the train station in Jesenice, Samir waits for an international train that will bring his father back to him. Some months earlier, his father had left for the battlefield in Bosnia. The year is 1992, the war at the heart of Yugoslavia is raging, and the news reaching Slovenia\u2026","rel":"","context":"Podobny wpis","block_context":{"text":"Podobny wpis","link":""},"img":{"alt_text":"","src":"https:\/\/i0.wp.com\/slavicfilmfestival.com\/wp-content\/uploads\/2026\/05\/Waiting_For_The_Train_Still_Photo_2.png?resize=350%2C200&ssl=1","width":350,"height":200,"srcset":"https:\/\/i0.wp.com\/slavicfilmfestival.com\/wp-content\/uploads\/2026\/05\/Waiting_For_The_Train_Still_Photo_2.png?resize=350%2C200&ssl=1 1x, https:\/\/i0.wp.com\/slavicfilmfestival.com\/wp-content\/uploads\/2026\/05\/Waiting_For_The_Train_Still_Photo_2.png?resize=525%2C300&ssl=1 1.5x, https:\/\/i0.wp.com\/slavicfilmfestival.com\/wp-content\/uploads\/2026\/05\/Waiting_For_The_Train_Still_Photo_2.png?resize=700%2C400&ssl=1 2x, https:\/\/i0.wp.com\/slavicfilmfestival.com\/wp-content\/uploads\/2026\/05\/Waiting_For_The_Train_Still_Photo_2.png?resize=1050%2C600&ssl=1 3x, https:\/\/i0.wp.com\/slavicfilmfestival.com\/wp-content\/uploads\/2026\/05\/Waiting_For_The_Train_Still_Photo_2.png?resize=1400%2C800&ssl=1 4x"},"classes":[]},{"id":296,"url":"https:\/\/slavicfilmfestival.com\/pl\/films\/","url_meta":{"origin":20,"position":5},"title":"filmy","author":"Ko\u0142o Naukowe Slawist\u00f3w UW","date":"22 maja, 2026","format":false,"excerpt":"","rel":"","context":"Podobny wpis","block_context":{"text":"Podobny wpis","link":""},"img":{"alt_text":"","src":"https:\/\/i0.wp.com\/slavicfilmfestival.com\/wp-content\/uploads\/2026\/05\/still-2.png?resize=350%2C200&ssl=1","width":350,"height":200,"srcset":"https:\/\/i0.wp.com\/slavicfilmfestival.com\/wp-content\/uploads\/2026\/05\/still-2.png?resize=350%2C200&ssl=1 1x, https:\/\/i0.wp.com\/slavicfilmfestival.com\/wp-content\/uploads\/2026\/05\/still-2.png?resize=525%2C300&ssl=1 1.5x, https:\/\/i0.wp.com\/slavicfilmfestival.com\/wp-content\/uploads\/2026\/05\/still-2.png?resize=700%2C400&ssl=1 2x, https:\/\/i0.wp.com\/slavicfilmfestival.com\/wp-content\/uploads\/2026\/05\/still-2.png?resize=1050%2C600&ssl=1 3x, https:\/\/i0.wp.com\/slavicfilmfestival.com\/wp-content\/uploads\/2026\/05\/still-2.png?resize=1400%2C800&ssl=1 4x"},"classes":[]}],"_links":{"self":[{"href":"https:\/\/slavicfilmfestival.com\/pl\/wp-json\/wp\/v2\/pages\/20","targetHints":{"allow":["GET"]}}],"collection":[{"href":"https:\/\/slavicfilmfestival.com\/pl\/wp-json\/wp\/v2\/pages"}],"about":[{"href":"https:\/\/slavicfilmfestival.com\/pl\/wp-json\/wp\/v2\/types\/page"}],"author":[{"embeddable":true,"href":"https:\/\/slavicfilmfestival.com\/pl\/wp-json\/wp\/v2\/users\/230233665"}],"replies":[{"embeddable":true,"href":"https:\/\/slavicfilmfestival.com\/pl\/wp-json\/wp\/v2\/comments?post=20"}],"version-history":[{"count":10,"href":"https:\/\/slavicfilmfestival.com\/pl\/wp-json\/wp\/v2\/pages\/20\/revisions"}],"predecessor-version":[{"id":709,"href":"https:\/\/slavicfilmfestival.com\/pl\/wp-json\/wp\/v2\/pages\/20\/revisions\/709"}],"wp:attachment":[{"href":"https:\/\/slavicfilmfestival.com\/pl\/wp-json\/wp\/v2\/media?parent=20"}],"curies":[{"name":"wp","href":"https:\/\/api.w.org\/{rel}","templated":true}]}}